{"id":115282,"date":"2025-02-14T12:23:32","date_gmt":"2025-02-14T11:23:32","guid":{"rendered":"https:\/\/moltamuntanya.com\/?post_type=product&#038;p=115282"},"modified":"2025-03-04T17:28:07","modified_gmt":"2025-03-04T16:28:07","slug":"camiseta-cabeco-dor","status":"publish","type":"product","link":"https:\/\/moltamuntanya.com\/es\/producto\/camiseta-cabeco-dor\/","title":{"rendered":"Camiseta CABE\u00c7\u00d3 D&#8217;OR"},"content":{"rendered":"<div class=\"flex-1 overflow-hidden\">\n<div class=\"react-scroll-to-bottom--css-dsakb-79elbk h-full\">\n<div class=\"react-scroll-to-bottom--css-dsakb-1n7m0yu\">\n<div class=\"flex flex-col text-sm pb-9\">\n<div class=\"w-full text-token-text-primary\" data-testid=\"conversation-turn-11\">\n<div class=\"px-4 py-2 justify-center text-base md:gap-6 m-auto\">\n<div class=\"flex flex-1 text-base mx-auto gap-3 md:px-5 lg:px-1 xl:px-5 md:max-w-3xl lg:max-w-[40rem] xl:max-w-[48rem] group final-completion\">\n<div class=\"relative flex w-full flex-col agent-turn\">\n<div class=\"flex-col gap-1 md:gap-3\">\n<div class=\"flex flex-grow flex-col max-w-full\">\n<div class=\"min-h-[20px] text-message flex flex-col items-start gap-3 whitespace-pre-wrap break-words [.text-message+&amp;]:mt-5 overflow-x-auto\" data-message-author-role=\"assistant\" data-message-id=\"21a69f2b-2566-4664-99ee-37f8b15e99f2\">\n<div class=\"markdown prose w-full break-words dark:prose-invert light\">\n<p data-start=\"0\" data-end=\"77\"><strong data-start=\"0\" data-end=\"75\">Dise\u00f1o de Camiseta del Cabe\u00e7\u00f3 d&#8217;Or: La Esencia de la Monta\u00f1a Alicantina<\/strong><\/p>\n<p data-start=\"79\" data-end=\"508\">Descubre nuestro dise\u00f1o exclusivo inspirado en el <strong data-start=\"129\" data-end=\"144\">Cabe\u00e7\u00f3 d&#8217;Or<\/strong>, una de las monta\u00f1as m\u00e1s emblem\u00e1ticas de Alicante. Esta camiseta de algod\u00f3n org\u00e1nico 100% captura la silueta de esta impresionante formaci\u00f3n calc\u00e1rea, que se alza hasta los 1.209 metros con su imponente presencia cerca de Busot. El Cabe\u00e7\u00f3 d&#8217;Or es conocido no solo por sus rutas de senderismo y escalada, sino tambi\u00e9n por sus hist\u00f3ricas cuevas y galer\u00edas de oro.<\/p>\n<p data-start=\"510\" data-end=\"777\">Si te apasiona la naturaleza, las <strong data-start=\"544\" data-end=\"572\">excursiones a la monta\u00f1a<\/strong> y las aventuras en entornos \u00fanicos, esta camiseta es para ti. El Cabe\u00e7\u00f3 d&#8217;Or es una monta\u00f1a llena de historia y biodiversidad, con vistas espectaculares sobre la costa alicantina y las sierras cercanas.<\/p>\n<ul data-start=\"779\" data-end=\"1150\">\n<li data-start=\"779\" data-end=\"906\"><strong data-start=\"784\" data-end=\"823\">Dise\u00f1o inspirado en el Cabe\u00e7\u00f3 d&#8217;Or:<\/strong> La monta\u00f1a m\u00e1s conocida de l&#8217;Alacant\u00ed, con sus leyendas y espectaculares cuevas.<\/li>\n<li data-start=\"907\" data-end=\"1010\"><strong data-start=\"912\" data-end=\"936\">Material sostenible:<\/strong> Camiseta confeccionada con algod\u00f3n org\u00e1nico 100%, suave y transpirable.<\/li>\n<li data-start=\"1011\" data-end=\"1150\"><strong data-start=\"1019\" data-end=\"1059\">Perfecta para amantes de la monta\u00f1a:<\/strong> Ideal para senderismo, escalada o simplemente para el d\u00eda a d\u00eda con un toque aventurero.<\/li>\n<\/ul>\n<p data-start=\"1152\" data-end=\"1319\" data-is-last-node=\"\">Consigue ahora tu <strong data-start=\"1170\" data-end=\"1198\">camiseta del Cabe\u00e7\u00f3 d&#8217;Or<\/strong> y lleva contigo la magia de esta monta\u00f1a tan especial, s\u00edmbolo de aventura y conexi\u00f3n con la naturaleza valenciana.<\/p>\n<\/div>\n<\/div>\n<\/div>\n<\/div>\n<\/div>\n<\/div>\n<\/div>\n<\/div>\n<\/div>\n<\/div>\n<\/div>\n<\/div>\n","protected":false},"excerpt":{"rendered":"<p><span class=\"Y2IQFc\" lang=\"es\">Esta camiseta ha sido producida en algod\u00f3n cultivado mediante pr\u00e1cticas de agricultura ecol\u00f3gica, sin utilizar productos qu\u00edmicos como fertilizantes o pesticidas. El proceso de transformaci\u00f3n y te\u00f1ido del algod\u00f3n se ha realizado sin el uso de sustancias t\u00f3xicas que est\u00e9n prohibidas. En el proceso de creaci\u00f3n de esta prenda no se ha utilizado ning\u00fan producto de origen animal. Adem\u00e1s, toda la cadena de producci\u00f3n textil cumple con los est\u00e1ndares reconocidos a nivel internacional por la Organizaci\u00f3n Internacional del Trabajo y la Declaraci\u00f3n de Derechos Humanos de las Naciones Unidas.<\/span><\/p>\n<p>&nbsp;<\/p>\n","protected":false},"featured_media":115286,"template":"","meta":[],"product_brand":[],"product_cat":[267,153],"product_tag":[],"class_list":{"0":"post-115282","1":"product","2":"type-product","3":"status-publish","4":"has-post-thumbnail","6":"product_cat-valencia-es","7":"product_cat-camisetas","9":"first","10":"instock","11":"taxable","12":"shipping-taxable","13":"purchasable","14":"product-type-variable","15":"has-default-attributes"},"yoast_head":"<!-- This site is optimized with the Yoast SEO plugin v27.5 - https:\/\/yoast.com\/product\/yoast-seo-wordpress\/ -->\n<title>Camiseta CABE\u00c7\u00d3 D&#039;OR - Molta Muntanya<\/title>\n<meta name=\"robots\" content=\"index, follow, max-snippet:-1, max-image-preview:large, max-video-preview:-1\" \/>\n<link rel=\"canonical\" href=\"https:\/\/moltamuntanya.com\/es\/producto\/camiseta-cabeco-dor\/\" \/>\n<meta property=\"og:locale\" content=\"es_ES\" \/>\n<meta property=\"og:type\" content=\"article\" \/>\n<meta property=\"og:title\" content=\"Camiseta CABE\u00c7\u00d3 D&#039;OR - Molta Muntanya\" \/>\n<meta property=\"og:description\" content=\"Esta camiseta ha sido producida en algod\u00f3n cultivado mediante pr\u00e1cticas de agricultura ecol\u00f3gica, sin utilizar productos qu\u00edmicos como fertilizantes o pesticidas. El proceso de transformaci\u00f3n y te\u00f1ido del algod\u00f3n se ha realizado sin el uso de sustancias t\u00f3xicas que est\u00e9n prohibidas. En el proceso de creaci\u00f3n de esta prenda no se ha utilizado ning\u00fan producto de origen animal. Adem\u00e1s, toda la cadena de producci\u00f3n textil cumple con los est\u00e1ndares reconocidos a nivel internacional por la Organizaci\u00f3n Internacional del Trabajo y la Declaraci\u00f3n de Derechos Humanos de las Naciones Unidas.  &nbsp;\" \/>\n<meta property=\"og:url\" content=\"https:\/\/moltamuntanya.com\/es\/producto\/camiseta-cabeco-dor\/\" \/>\n<meta property=\"og:site_name\" content=\"Molta Muntanya\" \/>\n<meta property=\"article:publisher\" content=\"https:\/\/www.facebook.com\/moltamuntanya\/\" \/>\n<meta property=\"article:modified_time\" content=\"2025-03-04T16:28:07+00:00\" \/>\n<meta property=\"og:image\" content=\"https:\/\/moltamuntanya.com\/wp-content\/uploads\/2025\/02\/cabecodor.jpg\" \/>\n\t<meta property=\"og:image:width\" content=\"1000\" \/>\n\t<meta property=\"og:image:height\" content=\"1000\" \/>\n\t<meta property=\"og:image:type\" content=\"image\/jpeg\" \/>\n<meta name=\"twitter:card\" content=\"summary_large_image\" \/>\n<meta name=\"twitter:label1\" content=\"Tiempo de lectura\" \/>\n\t<meta name=\"twitter:data1\" content=\"2 minutos\" \/>\n<script type=\"application\/ld+json\" class=\"yoast-schema-graph\">{\"@context\":\"https:\\\/\\\/schema.org\",\"@graph\":[{\"@type\":\"WebPage\",\"@id\":\"https:\\\/\\\/moltamuntanya.com\\\/es\\\/producto\\\/camiseta-cabeco-dor\\\/\",\"url\":\"https:\\\/\\\/moltamuntanya.com\\\/es\\\/producto\\\/camiseta-cabeco-dor\\\/\",\"name\":\"Camiseta CABE\u00c7\u00d3 D'OR - Molta Muntanya\",\"isPartOf\":{\"@id\":\"https:\\\/\\\/moltamuntanya.com\\\/es\\\/#website\"},\"primaryImageOfPage\":{\"@id\":\"https:\\\/\\\/moltamuntanya.com\\\/es\\\/producto\\\/camiseta-cabeco-dor\\\/#primaryimage\"},\"image\":{\"@id\":\"https:\\\/\\\/moltamuntanya.com\\\/es\\\/producto\\\/camiseta-cabeco-dor\\\/#primaryimage\"},\"thumbnailUrl\":\"https:\\\/\\\/moltamuntanya.com\\\/wp-content\\\/uploads\\\/2025\\\/02\\\/cabecodor.jpg\",\"datePublished\":\"2025-02-14T11:23:32+00:00\",\"dateModified\":\"2025-03-04T16:28:07+00:00\",\"breadcrumb\":{\"@id\":\"https:\\\/\\\/moltamuntanya.com\\\/es\\\/producto\\\/camiseta-cabeco-dor\\\/#breadcrumb\"},\"inLanguage\":\"es\",\"potentialAction\":[{\"@type\":\"ReadAction\",\"target\":[\"https:\\\/\\\/moltamuntanya.com\\\/es\\\/producto\\\/camiseta-cabeco-dor\\\/\"]}]},{\"@type\":\"ImageObject\",\"inLanguage\":\"es\",\"@id\":\"https:\\\/\\\/moltamuntanya.com\\\/es\\\/producto\\\/camiseta-cabeco-dor\\\/#primaryimage\",\"url\":\"https:\\\/\\\/moltamuntanya.com\\\/wp-content\\\/uploads\\\/2025\\\/02\\\/cabecodor.jpg\",\"contentUrl\":\"https:\\\/\\\/moltamuntanya.com\\\/wp-content\\\/uploads\\\/2025\\\/02\\\/cabecodor.jpg\",\"width\":1000,\"height\":1000},{\"@type\":\"BreadcrumbList\",\"@id\":\"https:\\\/\\\/moltamuntanya.com\\\/es\\\/producto\\\/camiseta-cabeco-dor\\\/#breadcrumb\",\"itemListElement\":[{\"@type\":\"ListItem\",\"position\":1,\"name\":\"Portada\",\"item\":\"https:\\\/\\\/moltamuntanya.com\\\/\"},{\"@type\":\"ListItem\",\"position\":2,\"name\":\"Productos\",\"item\":\"https:\\\/\\\/moltamuntanya.com\\\/es\\\/shop\\\/\"},{\"@type\":\"ListItem\",\"position\":3,\"name\":\"Camiseta CABE\u00c7\u00d3 D&#8217;OR\"}]},{\"@type\":\"WebSite\",\"@id\":\"https:\\\/\\\/moltamuntanya.com\\\/es\\\/#website\",\"url\":\"https:\\\/\\\/moltamuntanya.com\\\/es\\\/\",\"name\":\"Molta Muntanya\",\"description\":\"Muntanyes i cims de Mallorca\",\"publisher\":{\"@id\":\"https:\\\/\\\/moltamuntanya.com\\\/es\\\/#organization\"},\"potentialAction\":[{\"@type\":\"SearchAction\",\"target\":{\"@type\":\"EntryPoint\",\"urlTemplate\":\"https:\\\/\\\/moltamuntanya.com\\\/es\\\/?s={search_term_string}\"},\"query-input\":{\"@type\":\"PropertyValueSpecification\",\"valueRequired\":true,\"valueName\":\"search_term_string\"}}],\"inLanguage\":\"es\"},{\"@type\":\"Organization\",\"@id\":\"https:\\\/\\\/moltamuntanya.com\\\/es\\\/#organization\",\"name\":\"Molta Muntanya\",\"url\":\"https:\\\/\\\/moltamuntanya.com\\\/es\\\/\",\"logo\":{\"@type\":\"ImageObject\",\"inLanguage\":\"es\",\"@id\":\"https:\\\/\\\/moltamuntanya.com\\\/es\\\/#\\\/schema\\\/logo\\\/image\\\/\",\"url\":\"https:\\\/\\\/moltamuntanya.com\\\/wp-content\\\/uploads\\\/2024\\\/09\\\/cropped-logo-2024-bk.png\",\"contentUrl\":\"https:\\\/\\\/moltamuntanya.com\\\/wp-content\\\/uploads\\\/2024\\\/09\\\/cropped-logo-2024-bk.png\",\"width\":512,\"height\":512,\"caption\":\"Molta Muntanya\"},\"image\":{\"@id\":\"https:\\\/\\\/moltamuntanya.com\\\/es\\\/#\\\/schema\\\/logo\\\/image\\\/\"},\"sameAs\":[\"https:\\\/\\\/www.facebook.com\\\/moltamuntanya\\\/\",\"https:\\\/\\\/www.instagram.com\\\/moltamuntanya\\\/\"]}]}<\/script>\n<!-- \/ Yoast SEO plugin. -->","yoast_head_json":{"title":"Camiseta CABE\u00c7\u00d3 D'OR - Molta Muntanya","robots":{"index":"index","follow":"follow","max-snippet":"max-snippet:-1","max-image-preview":"max-image-preview:large","max-video-preview":"max-video-preview:-1"},"canonical":"https:\/\/moltamuntanya.com\/es\/producto\/camiseta-cabeco-dor\/","og_locale":"es_ES","og_type":"article","og_title":"Camiseta CABE\u00c7\u00d3 D'OR - Molta Muntanya","og_description":"Esta camiseta ha sido producida en algod\u00f3n cultivado mediante pr\u00e1cticas de agricultura ecol\u00f3gica, sin utilizar productos qu\u00edmicos como fertilizantes o pesticidas. El proceso de transformaci\u00f3n y te\u00f1ido del algod\u00f3n se ha realizado sin el uso de sustancias t\u00f3xicas que est\u00e9n prohibidas. En el proceso de creaci\u00f3n de esta prenda no se ha utilizado ning\u00fan producto de origen animal. Adem\u00e1s, toda la cadena de producci\u00f3n textil cumple con los est\u00e1ndares reconocidos a nivel internacional por la Organizaci\u00f3n Internacional del Trabajo y la Declaraci\u00f3n de Derechos Humanos de las Naciones Unidas.  &nbsp;","og_url":"https:\/\/moltamuntanya.com\/es\/producto\/camiseta-cabeco-dor\/","og_site_name":"Molta Muntanya","article_publisher":"https:\/\/www.facebook.com\/moltamuntanya\/","article_modified_time":"2025-03-04T16:28:07+00:00","og_image":[{"width":1000,"height":1000,"url":"https:\/\/moltamuntanya.com\/wp-content\/uploads\/2025\/02\/cabecodor.jpg","type":"image\/jpeg"}],"twitter_card":"summary_large_image","twitter_misc":{"Tiempo de lectura":"2 minutos"},"schema":{"@context":"https:\/\/schema.org","@graph":[{"@type":"WebPage","@id":"https:\/\/moltamuntanya.com\/es\/producto\/camiseta-cabeco-dor\/","url":"https:\/\/moltamuntanya.com\/es\/producto\/camiseta-cabeco-dor\/","name":"Camiseta CABE\u00c7\u00d3 D'OR - Molta Muntanya","isPartOf":{"@id":"https:\/\/moltamuntanya.com\/es\/#website"},"primaryImageOfPage":{"@id":"https:\/\/moltamuntanya.com\/es\/producto\/camiseta-cabeco-dor\/#primaryimage"},"image":{"@id":"https:\/\/moltamuntanya.com\/es\/producto\/camiseta-cabeco-dor\/#primaryimage"},"thumbnailUrl":"https:\/\/moltamuntanya.com\/wp-content\/uploads\/2025\/02\/cabecodor.jpg","datePublished":"2025-02-14T11:23:32+00:00","dateModified":"2025-03-04T16:28:07+00:00","breadcrumb":{"@id":"https:\/\/moltamuntanya.com\/es\/producto\/camiseta-cabeco-dor\/#breadcrumb"},"inLanguage":"es","potentialAction":[{"@type":"ReadAction","target":["https:\/\/moltamuntanya.com\/es\/producto\/camiseta-cabeco-dor\/"]}]},{"@type":"ImageObject","inLanguage":"es","@id":"https:\/\/moltamuntanya.com\/es\/producto\/camiseta-cabeco-dor\/#primaryimage","url":"https:\/\/moltamuntanya.com\/wp-content\/uploads\/2025\/02\/cabecodor.jpg","contentUrl":"https:\/\/moltamuntanya.com\/wp-content\/uploads\/2025\/02\/cabecodor.jpg","width":1000,"height":1000},{"@type":"BreadcrumbList","@id":"https:\/\/moltamuntanya.com\/es\/producto\/camiseta-cabeco-dor\/#breadcrumb","itemListElement":[{"@type":"ListItem","position":1,"name":"Portada","item":"https:\/\/moltamuntanya.com\/"},{"@type":"ListItem","position":2,"name":"Productos","item":"https:\/\/moltamuntanya.com\/es\/shop\/"},{"@type":"ListItem","position":3,"name":"Camiseta CABE\u00c7\u00d3 D&#8217;OR"}]},{"@type":"WebSite","@id":"https:\/\/moltamuntanya.com\/es\/#website","url":"https:\/\/moltamuntanya.com\/es\/","name":"Molta Muntanya","description":"Muntanyes i cims de Mallorca","publisher":{"@id":"https:\/\/moltamuntanya.com\/es\/#organization"},"potentialAction":[{"@type":"SearchAction","target":{"@type":"EntryPoint","urlTemplate":"https:\/\/moltamuntanya.com\/es\/?s={search_term_string}"},"query-input":{"@type":"PropertyValueSpecification","valueRequired":true,"valueName":"search_term_string"}}],"inLanguage":"es"},{"@type":"Organization","@id":"https:\/\/moltamuntanya.com\/es\/#organization","name":"Molta Muntanya","url":"https:\/\/moltamuntanya.com\/es\/","logo":{"@type":"ImageObject","inLanguage":"es","@id":"https:\/\/moltamuntanya.com\/es\/#\/schema\/logo\/image\/","url":"https:\/\/moltamuntanya.com\/wp-content\/uploads\/2024\/09\/cropped-logo-2024-bk.png","contentUrl":"https:\/\/moltamuntanya.com\/wp-content\/uploads\/2024\/09\/cropped-logo-2024-bk.png","width":512,"height":512,"caption":"Molta Muntanya"},"image":{"@id":"https:\/\/moltamuntanya.com\/es\/#\/schema\/logo\/image\/"},"sameAs":["https:\/\/www.facebook.com\/moltamuntanya\/","https:\/\/www.instagram.com\/moltamuntanya\/"]}]}},"jetpack_sharing_enabled":true,"_links":{"self":[{"href":"https:\/\/moltamuntanya.com\/es\/wp-json\/wp\/v2\/product\/115282","targetHints":{"allow":["GET"]}}],"collection":[{"href":"https:\/\/moltamuntanya.com\/es\/wp-json\/wp\/v2\/product"}],"about":[{"href":"https:\/\/moltamuntanya.com\/es\/wp-json\/wp\/v2\/types\/product"}],"wp:featuredmedia":[{"embeddable":true,"href":"https:\/\/moltamuntanya.com\/es\/wp-json\/wp\/v2\/media\/115286"}],"wp:attachment":[{"href":"https:\/\/moltamuntanya.com\/es\/wp-json\/wp\/v2\/media?parent=115282"}],"wp:term":[{"taxonomy":"product_brand","embeddable":true,"href":"https:\/\/moltamuntanya.com\/es\/wp-json\/wp\/v2\/product_brand?post=115282"},{"taxonomy":"product_cat","embeddable":true,"href":"https:\/\/moltamuntanya.com\/es\/wp-json\/wp\/v2\/product_cat?post=115282"},{"taxonomy":"product_tag","embeddable":true,"href":"https:\/\/moltamuntanya.com\/es\/wp-json\/wp\/v2\/product_tag?post=115282"}],"curies":[{"name":"wp","href":"https:\/\/api.w.org\/{rel}","templated":true}]}}